{"id":577,"date":"2020-10-14T16:21:13","date_gmt":"2020-10-14T14:21:13","guid":{"rendered":"https:\/\/www.wagnerundteam.de\/?page_id=577"},"modified":"2025-12-15T09:31:46","modified_gmt":"2025-12-15T08:31:46","slug":"unser-team","status":"publish","type":"page","link":"https:\/\/www.wagnerundteam.de\/ergotherapie\/unser-team\/","title":{"rendered":"Unser Team"},"content":{"rendered":"\n<p class=\"has-text-color\" style=\"color:#65696a;font-size:18px\">Auf unser Team sind wir stolz.<br><br>Durch stetige Schulungen und Weiterbildungen sind unsere erfahrenen Therapeuten fachlich hoch qualifiziert um die Therapie individuell abzustimmen.<br><br>Mit Einf\u00fchlverm\u00f6gen, Wertsch\u00e4tzung und Geduld unterst\u00fctzt unser gesamtes Team Ihre Therapie.<br><\/p>\n\n\n\n<figure class=\"wp-block-image size-large\"><img decoding=\"async\" src=\"https:\/\/www.wagnerundteam.de\/wp-content\/uploads\/2021\/01\/P1016070_Team-1024x627.jpg\" alt=\"Team\" class=\"wp-image-627\"\/><\/figure>\n\n\n\n<div class=\"wp-block-columns is-layout-flex wp-container-core-columns-is-layout-9d6595d7 wp-block-columns-is-layout-flex\">\n<div class=\"wp-block-column is-layout-flow wp-block-column-is-layout-flow\">\n<h3 class=\"wp-block-heading has-text-color\" style=\"color:#037d50\"><strong>Katrin<\/strong><br><strong>Wagner<\/strong><\/h3>\n\n\n\n<figure class=\"wp-block-image size-large is-style-rounded\"><img loading=\"lazy\" decoding=\"async\" width=\"200\" height=\"200\" src=\"https:\/\/www.wagnerundteam.de\/ergotherapie\/wp-content\/uploads\/sites\/4\/2021\/01\/Katrin.png\" alt=\"Katrin\" class=\"wp-image-635\" srcset=\"https:\/\/www.wagnerundteam.de\/ergotherapie\/wp-content\/uploads\/sites\/4\/2021\/01\/Katrin.png 200w, https:\/\/www.wagnerundteam.de\/ergotherapie\/wp-content\/uploads\/sites\/4\/2021\/01\/Katrin-150x150.png 150w, https:\/\/www.wagnerundteam.de\/ergotherapie\/wp-content\/uploads\/sites\/4\/2021\/01\/Katrin-100x100.png 100w\" sizes=\"auto, (max-width: 200px) 100vw, 200px\" \/><figcaption class=\"wp-element-caption\">Ergotherapeutin,<br>B.A. Medizinalfachberufe,<br>Inhaberin<br>Fachbereiche: Psychiatrie, P\u00e4diatrie, Neurofeedback, Skillstraining<\/figcaption><\/figure>\n<\/div>\n\n\n\n<div class=\"wp-block-column is-layout-flow wp-block-column-is-layout-flow\">\n<h3 class=\"wp-block-heading has-text-color\" style=\"color:#037d50\"><strong>Angelika<\/strong><br><strong>Teuchert<\/strong><\/h3>\n\n\n\n<figure class=\"wp-block-image size-large is-style-rounded\"><img loading=\"lazy\" decoding=\"async\" width=\"200\" height=\"200\" src=\"https:\/\/www.wagnerundteam.de\/ergotherapie\/wp-content\/uploads\/sites\/4\/2021\/01\/Angelika.png\" alt=\"Angelika\" class=\"wp-image-631\" srcset=\"https:\/\/www.wagnerundteam.de\/ergotherapie\/wp-content\/uploads\/sites\/4\/2021\/01\/Angelika.png 200w, https:\/\/www.wagnerundteam.de\/ergotherapie\/wp-content\/uploads\/sites\/4\/2021\/01\/Angelika-150x150.png 150w, https:\/\/www.wagnerundteam.de\/ergotherapie\/wp-content\/uploads\/sites\/4\/2021\/01\/Angelika-100x100.png 100w\" sizes=\"auto, (max-width: 200px) 100vw, 200px\" \/><figcaption class=\"wp-element-caption\">Ergotherapeutin<br>Fachbereiche: Neurologie, Geriatrie, Neurofeedback<\/figcaption><\/figure>\n\n\n\n<p><br><\/p>\n<\/div>\n\n\n\n<div class=\"wp-block-column is-layout-flow wp-block-column-is-layout-flow\">\n<h3 class=\"wp-block-heading has-text-color\" style=\"color:#037d50\"><strong>Nancy<\/strong><br><strong>Schultz<\/strong><\/h3>\n\n\n\n<figure class=\"wp-block-image size-large is-style-rounded\"><img loading=\"lazy\" decoding=\"async\" width=\"200\" height=\"200\" src=\"https:\/\/www.wagnerundteam.de\/ergotherapie\/wp-content\/uploads\/sites\/4\/2021\/01\/Nancy.png\" alt=\"Nancy\" class=\"wp-image-637\" srcset=\"https:\/\/www.wagnerundteam.de\/ergotherapie\/wp-content\/uploads\/sites\/4\/2021\/01\/Nancy.png 200w, https:\/\/www.wagnerundteam.de\/ergotherapie\/wp-content\/uploads\/sites\/4\/2021\/01\/Nancy-150x150.png 150w, https:\/\/www.wagnerundteam.de\/ergotherapie\/wp-content\/uploads\/sites\/4\/2021\/01\/Nancy-100x100.png 100w\" sizes=\"auto, (max-width: 200px) 100vw, 200px\" \/><figcaption class=\"wp-element-caption\">Ergotherapeutin<br>Fachbereiche: Neurologie, P\u00e4diatrie, Geriatrie, Neurofeedback<\/figcaption><\/figure>\n<\/div>\n<\/div>\n\n\n\n<div class=\"wp-block-columns is-layout-flex wp-container-core-columns-is-layout-9d6595d7 wp-block-columns-is-layout-flex\">\n<div class=\"wp-block-column is-layout-flow wp-block-column-is-layout-flow\">\n<h3 class=\"wp-block-heading has-text-color\" style=\"color:#037d50\"><strong><strong>Naima<\/strong><\/strong><br><strong><strong>Heim<\/strong><\/strong><\/h3>\n\n\n\n<figure class=\"wp-block-image size-full is-style-rounded\"><img loading=\"lazy\" decoding=\"async\" width=\"200\" height=\"200\" src=\"https:\/\/www.wagnerundteam.de\/ergotherapie\/wp-content\/uploads\/sites\/4\/2021\/01\/Naima.png\" alt=\"Naima\" class=\"wp-image-629\" srcset=\"https:\/\/www.wagnerundteam.de\/ergotherapie\/wp-content\/uploads\/sites\/4\/2021\/01\/Naima.png 200w, https:\/\/www.wagnerundteam.de\/ergotherapie\/wp-content\/uploads\/sites\/4\/2021\/01\/Naima-150x150.png 150w, https:\/\/www.wagnerundteam.de\/ergotherapie\/wp-content\/uploads\/sites\/4\/2021\/01\/Naima-100x100.png 100w\" sizes=\"auto, (max-width: 200px) 100vw, 200px\" \/><figcaption class=\"wp-element-caption\">Ergotherapeutin<br>Fachbereiche: P\u00e4diatrie, Geriatrie<\/figcaption><\/figure>\n<\/div>\n\n\n\n<div class=\"wp-block-column is-layout-flow wp-block-column-is-layout-flow\">\n<h3 class=\"wp-block-heading has-text-color\" style=\"color:#037d50\"><strong><strong>Vera<\/strong><\/strong><br><strong><strong>Miller<\/strong><\/strong><\/h3>\n\n\n\n<figure class=\"wp-block-image size-full is-style-rounded\"><img loading=\"lazy\" decoding=\"async\" width=\"200\" height=\"200\" src=\"https:\/\/www.wagnerundteam.de\/ergotherapie\/wp-content\/uploads\/sites\/4\/2025\/12\/Vera.png\" alt=\"\" class=\"wp-image-984\" srcset=\"https:\/\/www.wagnerundteam.de\/ergotherapie\/wp-content\/uploads\/sites\/4\/2025\/12\/Vera.png 200w, https:\/\/www.wagnerundteam.de\/ergotherapie\/wp-content\/uploads\/sites\/4\/2025\/12\/Vera-150x150.png 150w, https:\/\/www.wagnerundteam.de\/ergotherapie\/wp-content\/uploads\/sites\/4\/2025\/12\/Vera-100x100.png 100w\" sizes=\"auto, (max-width: 200px) 100vw, 200px\" \/><figcaption class=\"wp-element-caption\">Ergotherapeutin<br>Fachbereiche: Psychiatrie, Geriatrie, Neurofeedback<\/figcaption><\/figure>\n<\/div>\n\n\n\n<div class=\"wp-block-column is-layout-flow wp-block-column-is-layout-flow\">\n<h3 class=\"wp-block-heading has-text-color\" style=\"color:#037d50\"><strong><strong><strong><strong><strong>Janina<\/strong><\/strong><\/strong><\/strong><\/strong><br><strong>D\u00e4hnick<\/strong><\/h3>\n\n\n\n<figure class=\"wp-block-image size-full is-resized is-style-rounded\"><img loading=\"lazy\" decoding=\"async\" width=\"200\" height=\"200\" src=\"https:\/\/www.wagnerundteam.de\/ergotherapie\/wp-content\/uploads\/sites\/4\/2021\/01\/Janina.png\" alt=\"Janina\" class=\"wp-image-632\" style=\"aspect-ratio:1;width:203px;height:auto\" srcset=\"https:\/\/www.wagnerundteam.de\/ergotherapie\/wp-content\/uploads\/sites\/4\/2021\/01\/Janina.png 200w, https:\/\/www.wagnerundteam.de\/ergotherapie\/wp-content\/uploads\/sites\/4\/2021\/01\/Janina-150x150.png 150w, https:\/\/www.wagnerundteam.de\/ergotherapie\/wp-content\/uploads\/sites\/4\/2021\/01\/Janina-100x100.png 100w\" sizes=\"auto, (max-width: 200px) 100vw, 200px\" \/><figcaption class=\"wp-element-caption\">Ergotherapeuting<br>Fachbereiche: Psychiatrie, P\u00e4diatrie, Skillstraining, Kinder-Yoga<\/figcaption><\/figure>\n<\/div>\n<\/div>\n\n\n\n<div class=\"wp-block-columns is-layout-flex wp-container-core-columns-is-layout-9d6595d7 wp-block-columns-is-layout-flex\">\n<div class=\"wp-block-column is-layout-flow wp-block-column-is-layout-flow\">\n<h3 class=\"wp-block-heading has-text-color\" style=\"color:#037d50\"><strong><strong>Alicia<\/strong><\/strong><br><strong><strong>Birka<\/strong><\/strong><\/h3>\n\n\n\n<figure class=\"wp-block-image size-full is-style-rounded\"><img loading=\"lazy\" decoding=\"async\" width=\"200\" height=\"200\" src=\"https:\/\/www.wagnerundteam.de\/wp-content\/uploads\/2019\/03\/wildcard.png\" alt=\"\" class=\"wp-image-350\" srcset=\"https:\/\/www.wagnerundteam.de\/ergotherapie\/wp-content\/uploads\/sites\/4\/2019\/03\/wildcard.png 200w, https:\/\/www.wagnerundteam.de\/ergotherapie\/wp-content\/uploads\/sites\/4\/2019\/03\/wildcard-150x150.png 150w, https:\/\/www.wagnerundteam.de\/ergotherapie\/wp-content\/uploads\/sites\/4\/2019\/03\/wildcard-100x100.png 100w\" sizes=\"auto, (max-width: 200px) 100vw, 200px\" \/><figcaption class=\"wp-element-caption\">Ergotherapeutin<br>Fachbereiche: Neurologie, Psychiatrie, Geriatrie<\/figcaption><\/figure>\n<\/div>\n\n\n\n<div class=\"wp-block-column is-layout-flow wp-block-column-is-layout-flow\">\n<h3 class=\"wp-block-heading has-text-color\" style=\"color:#037d50\"><strong>Sophia<br>Jentsch<\/strong><\/h3>\n\n\n\n<figure class=\"wp-block-image size-full is-style-rounded\"><img loading=\"lazy\" decoding=\"async\" width=\"200\" height=\"200\" src=\"https:\/\/www.wagnerundteam.de\/ergotherapie\/wp-content\/uploads\/sites\/4\/2025\/10\/Sophia.png\" alt=\"Sophia\" class=\"wp-image-974\" srcset=\"https:\/\/www.wagnerundteam.de\/ergotherapie\/wp-content\/uploads\/sites\/4\/2025\/10\/Sophia.png 200w, https:\/\/www.wagnerundteam.de\/ergotherapie\/wp-content\/uploads\/sites\/4\/2025\/10\/Sophia-150x150.png 150w, https:\/\/www.wagnerundteam.de\/ergotherapie\/wp-content\/uploads\/sites\/4\/2025\/10\/Sophia-100x100.png 100w\" sizes=\"auto, (max-width: 200px) 100vw, 200px\" \/><figcaption class=\"wp-element-caption\">Ergotherapeutin<br>Fachbereiche: P\u00e4diatrie, Handtherapie<\/figcaption><\/figure>\n<\/div>\n\n\n\n<div class=\"wp-block-column is-layout-flow wp-block-column-is-layout-flow\">\n<h3 class=\"wp-block-heading has-text-color\" style=\"color:#037d50\"><strong>Linda<\/strong><br><strong>Wawrzinek<\/strong><\/h3>\n\n\n\n<figure class=\"wp-block-image size-full is-style-rounded\"><img loading=\"lazy\" decoding=\"async\" width=\"200\" height=\"200\" src=\"https:\/\/www.wagnerundteam.de\/wp-content\/uploads\/2019\/01\/Linda_Wawrzinek.jpg\" alt=\"Linda\" class=\"wp-image-234\" srcset=\"https:\/\/www.wagnerundteam.de\/ergotherapie\/wp-content\/uploads\/sites\/4\/2019\/01\/Linda_Wawrzinek.jpg 200w, https:\/\/www.wagnerundteam.de\/ergotherapie\/wp-content\/uploads\/sites\/4\/2019\/01\/Linda_Wawrzinek-150x150.jpg 150w, https:\/\/www.wagnerundteam.de\/ergotherapie\/wp-content\/uploads\/sites\/4\/2019\/01\/Linda_Wawrzinek-100x100.jpg 100w\" sizes=\"auto, (max-width: 200px) 100vw, 200px\" \/><figcaption class=\"wp-element-caption\">Ergotherapeutin<br>Fachbereiche: P\u00e4diatrie, Psychiatrie, Craniosacrale Therapie, Klangschalen Massage<\/figcaption><\/figure>\n<\/div>\n<\/div>\n\n\n\n<div class=\"wp-block-columns is-layout-flex wp-container-core-columns-is-layout-9d6595d7 wp-block-columns-is-layout-flex\">\n<div class=\"wp-block-column is-layout-flow wp-block-column-is-layout-flow\">\n<h3 class=\"wp-block-heading has-text-color\" style=\"color:#037d50\"><strong>Bianca<br>Barthel<\/strong><\/h3>\n\n\n\n<figure class=\"wp-block-image size-full is-style-rounded\"><img loading=\"lazy\" decoding=\"async\" width=\"200\" height=\"200\" src=\"https:\/\/www.wagnerundteam.de\/wp-content\/uploads\/2019\/03\/wildcard.png\" alt=\"\" class=\"wp-image-350\" srcset=\"https:\/\/www.wagnerundteam.de\/ergotherapie\/wp-content\/uploads\/sites\/4\/2019\/03\/wildcard.png 200w, https:\/\/www.wagnerundteam.de\/ergotherapie\/wp-content\/uploads\/sites\/4\/2019\/03\/wildcard-150x150.png 150w, https:\/\/www.wagnerundteam.de\/ergotherapie\/wp-content\/uploads\/sites\/4\/2019\/03\/wildcard-100x100.png 100w\" sizes=\"auto, (max-width: 200px) 100vw, 200px\" \/><figcaption class=\"wp-element-caption\">Ergotherapeutin<br>Fachbereiche: Psychiatrie, Skillstraining<\/figcaption><\/figure>\n<\/div>\n\n\n\n<div class=\"wp-block-column is-layout-flow wp-block-column-is-layout-flow\">\n<h3 class=\"wp-block-heading has-text-color\" style=\"color:#037d50\"><strong>Marvin<br>W\u00fcstenberg<\/strong><\/h3>\n\n\n\n<figure class=\"wp-block-image size-full is-style-rounded\"><img loading=\"lazy\" decoding=\"async\" width=\"200\" height=\"200\" src=\"https:\/\/www.wagnerundteam.de\/ergotherapie\/wp-content\/uploads\/sites\/4\/2025\/11\/Marvin.png\" alt=\"Marvin\" class=\"wp-image-977\" srcset=\"https:\/\/www.wagnerundteam.de\/ergotherapie\/wp-content\/uploads\/sites\/4\/2025\/11\/Marvin.png 200w, https:\/\/www.wagnerundteam.de\/ergotherapie\/wp-content\/uploads\/sites\/4\/2025\/11\/Marvin-150x150.png 150w, https:\/\/www.wagnerundteam.de\/ergotherapie\/wp-content\/uploads\/sites\/4\/2025\/11\/Marvin-100x100.png 100w\" sizes=\"auto, (max-width: 200px) 100vw, 200px\" \/><figcaption class=\"wp-element-caption\">Ergotherapeut<br>Fachbereiche: P\u00e4diatrie, Neurologie, Geriatrie<\/figcaption><\/figure>\n<\/div>\n\n\n\n<div class=\"wp-block-column is-layout-flow wp-block-column-is-layout-flow\">\n<h3 class=\"wp-block-heading has-text-color\" style=\"color:#037d50\"><strong>Malak<\/strong><br><strong>Slimani<\/strong><\/h3>\n\n\n\n<figure class=\"wp-block-image size-full is-style-rounded\"><img loading=\"lazy\" decoding=\"async\" width=\"200\" height=\"200\" src=\"https:\/\/www.wagnerundteam.de\/wp-content\/uploads\/2019\/03\/wildcard.png\" alt=\"\" class=\"wp-image-350\" srcset=\"https:\/\/www.wagnerundteam.de\/ergotherapie\/wp-content\/uploads\/sites\/4\/2019\/03\/wildcard.png 200w, https:\/\/www.wagnerundteam.de\/ergotherapie\/wp-content\/uploads\/sites\/4\/2019\/03\/wildcard-150x150.png 150w, https:\/\/www.wagnerundteam.de\/ergotherapie\/wp-content\/uploads\/sites\/4\/2019\/03\/wildcard-100x100.png 100w\" sizes=\"auto, (max-width: 200px) 100vw, 200px\" \/><figcaption class=\"wp-element-caption\">Ergotherapeutin<br>Fachbereiche: P\u00e4diatrie, Neurofeedback<\/figcaption><\/figure>\n<\/div>\n<\/div>\n\n\n\n<div class=\"wp-block-columns is-layout-flex wp-container-core-columns-is-layout-9d6595d7 wp-block-columns-is-layout-flex\">\n<div class=\"wp-block-column is-layout-flow wp-block-column-is-layout-flow\">\n<h3 class=\"wp-block-heading has-text-color\" style=\"color:#037d50\"><strong>Luna<\/strong><br><strong>Galligan<\/strong><\/h3>\n\n\n\n<figure class=\"wp-block-image size-full is-style-rounded\"><img loading=\"lazy\" decoding=\"async\" width=\"200\" height=\"200\" src=\"https:\/\/www.wagnerundteam.de\/wp-content\/uploads\/2019\/03\/wildcard.png\" alt=\"\" class=\"wp-image-350\" srcset=\"https:\/\/www.wagnerundteam.de\/ergotherapie\/wp-content\/uploads\/sites\/4\/2019\/03\/wildcard.png 200w, https:\/\/www.wagnerundteam.de\/ergotherapie\/wp-content\/uploads\/sites\/4\/2019\/03\/wildcard-150x150.png 150w, https:\/\/www.wagnerundteam.de\/ergotherapie\/wp-content\/uploads\/sites\/4\/2019\/03\/wildcard-100x100.png 100w\" sizes=\"auto, (max-width: 200px) 100vw, 200px\" \/><figcaption class=\"wp-element-caption\">Ergotherapeutin<br>Fachbereiche: Neurologie, Handtherapie, Schwindeltherapie<\/figcaption><\/figure>\n<\/div>\n\n\n\n<div class=\"wp-block-column is-layout-flow wp-block-column-is-layout-flow\"><\/div>\n\n\n\n<div class=\"wp-block-column is-layout-flow wp-block-column-is-layout-flow\"><\/div>\n<\/div>\n\n\n\n<div class=\"wp-block-columns is-layout-flex wp-container-core-columns-is-layout-9d6595d7 wp-block-columns-is-layout-flex\">\n<div class=\"wp-block-column is-layout-flow wp-block-column-is-layout-flow\">\n<h3 class=\"wp-block-heading has-text-color\" style=\"color:#037d50\"><strong><strong><strong><strong><strong>Jeannette<\/strong><\/strong><\/strong><\/strong><\/strong><br><strong><strong><strong><strong><strong>Pfau<\/strong><\/strong><\/strong><\/strong><\/strong><\/h3>\n\n\n\n<figure class=\"wp-block-image size-full is-style-rounded\"><img loading=\"lazy\" decoding=\"async\" width=\"200\" height=\"200\" src=\"https:\/\/www.wagnerundteam.de\/ergotherapie\/wp-content\/uploads\/sites\/4\/2025\/10\/Jeannette.png\" alt=\"Jeannette\" class=\"wp-image-975\" srcset=\"https:\/\/www.wagnerundteam.de\/ergotherapie\/wp-content\/uploads\/sites\/4\/2025\/10\/Jeannette.png 200w, https:\/\/www.wagnerundteam.de\/ergotherapie\/wp-content\/uploads\/sites\/4\/2025\/10\/Jeannette-150x150.png 150w, https:\/\/www.wagnerundteam.de\/ergotherapie\/wp-content\/uploads\/sites\/4\/2025\/10\/Jeannette-100x100.png 100w\" sizes=\"auto, (max-width: 200px) 100vw, 200px\" \/><figcaption class=\"wp-element-caption\">Empfangskraft<\/figcaption><\/figure>\n<\/div>\n\n\n\n<div class=\"wp-block-column is-layout-flow wp-block-column-is-layout-flow\">\n<h3 class=\"wp-block-heading has-text-color\" style=\"color:#037d50\"><strong>M.Sc.Psych.<\/strong><br><strong>David Wagner<\/strong><\/h3>\n\n\n\n<figure class=\"wp-block-image size-full is-style-rounded\"><img loading=\"lazy\" decoding=\"async\" width=\"200\" height=\"200\" src=\"https:\/\/www.wagnerundteam.de\/ergotherapie\/wp-content\/uploads\/sites\/4\/2019\/03\/wildcard.png\" alt=\"\" class=\"wp-image-350\" srcset=\"https:\/\/www.wagnerundteam.de\/ergotherapie\/wp-content\/uploads\/sites\/4\/2019\/03\/wildcard.png 200w, https:\/\/www.wagnerundteam.de\/ergotherapie\/wp-content\/uploads\/sites\/4\/2019\/03\/wildcard-150x150.png 150w, https:\/\/www.wagnerundteam.de\/ergotherapie\/wp-content\/uploads\/sites\/4\/2019\/03\/wildcard-100x100.png 100w\" sizes=\"auto, (max-width: 200px) 100vw, 200px\" \/><figcaption class=\"wp-element-caption\">Psychologischer Psychotherapeut<br>Verhaltenstherapie<\/figcaption><\/figure>\n<\/div>\n\n\n\n<div class=\"wp-block-column is-layout-flow wp-block-column-is-layout-flow\"><\/div>\n<\/div>\n\n\n\n<div class=\"wp-block-group\"><div class=\"wp-block-group__inner-container is-layout-flow wp-block-group-is-layout-flow\">\n<div class=\"wp-block-columns is-layout-flex wp-container-core-columns-is-layout-9d6595d7 wp-block-columns-is-layout-flex\">\n<div class=\"wp-block-column is-layout-flow wp-block-column-is-layout-flow\">\n<h3 class=\"wp-block-heading has-text-color\" style=\"color:#037d50\"><strong>Timo<br>Frauendorf<\/strong><\/h3>\n\n\n\n<figure class=\"wp-block-image size-full is-style-rounded\"><img loading=\"lazy\" decoding=\"async\" width=\"200\" height=\"200\" src=\"https:\/\/www.wagnerundteam.de\/ergotherapie\/wp-content\/uploads\/sites\/4\/2019\/03\/wildcard.png\" alt=\"\" class=\"wp-image-350\" srcset=\"https:\/\/www.wagnerundteam.de\/ergotherapie\/wp-content\/uploads\/sites\/4\/2019\/03\/wildcard.png 200w, https:\/\/www.wagnerundteam.de\/ergotherapie\/wp-content\/uploads\/sites\/4\/2019\/03\/wildcard-150x150.png 150w, https:\/\/www.wagnerundteam.de\/ergotherapie\/wp-content\/uploads\/sites\/4\/2019\/03\/wildcard-100x100.png 100w\" sizes=\"auto, (max-width: 200px) 100vw, 200px\" \/><figcaption class=\"wp-element-caption\">IT-Systemadministration<\/figcaption><\/figure>\n<\/div>\n\n\n\n<div class=\"wp-block-column is-layout-flow wp-block-column-is-layout-flow\">\n<h3 class=\"wp-block-heading has-text-color\" style=\"color:#037d50\"><br><strong><strong>Dianel<\/strong><\/strong><\/h3>\n\n\n\n<figure class=\"wp-block-image size-full is-style-rounded\"><img loading=\"lazy\" decoding=\"async\" width=\"200\" height=\"200\" src=\"https:\/\/www.wagnerundteam.de\/ergotherapie\/wp-content\/uploads\/sites\/4\/2019\/03\/wildcard.png\" alt=\"\" class=\"wp-image-350\" srcset=\"https:\/\/www.wagnerundteam.de\/ergotherapie\/wp-content\/uploads\/sites\/4\/2019\/03\/wildcard.png 200w, https:\/\/www.wagnerundteam.de\/ergotherapie\/wp-content\/uploads\/sites\/4\/2019\/03\/wildcard-150x150.png 150w, https:\/\/www.wagnerundteam.de\/ergotherapie\/wp-content\/uploads\/sites\/4\/2019\/03\/wildcard-100x100.png 100w\" sizes=\"auto, (max-width: 200px) 100vw, 200px\" \/><figcaption class=\"wp-element-caption\">Reinigungskraft<\/figcaption><\/figure>\n<\/div>\n\n\n\n<div class=\"wp-block-column is-layout-flow wp-block-column-is-layout-flow\">\n<h3 class=\"wp-block-heading has-text-align-left has-text-color\" style=\"color:#037d50\"><br><\/h3>\n<\/div>\n<\/div>\n<\/div><\/div>\n\n\n\n<p><\/p>\n\n\n\n<div class=\"wp-block-group\"><div class=\"wp-block-group__inner-container is-layout-flow wp-block-group-is-layout-flow\">\n<h2 class=\"wp-block-heading\"><strong>Fort- und Weiterbildungen<\/strong><\/h2>\n\n\n\n<h3 class=\"wp-block-heading\">Psychiatrie<\/h3>\n\n\n\n<ul class=\"wp-block-list\">\n<li>psychiatrische Erkrankungen im Erwachsenen Alter (Schizophrenie, generalisierte Angstst\u00f6rung, Demenz, exogene Psychosen, Pers\u00f6nlichkeitsst\u00f6rungen, Affektive St\u00f6rungen, Anpassungs- und Belastungsst\u00f6rungen<\/li>\n\n\n\n<li>Misshandlungen und sexueller Missbrauch<\/li>\n\n\n\n<li>Skillstraining nach M.Linehan<\/li>\n\n\n\n<li>Trauerbegleitung<\/li>\n\n\n\n<li>Stressbew\u00e4ltigung &#8211; Gesundheitsf\u00f6rderung durch Achtsamkeit<\/li>\n\n\n\n<li>Dialektisch-Behaviorale Therapie (DBT)<\/li>\n<\/ul>\n\n\n\n<h3 class=\"wp-block-heading\">P\u00e4diatrie<\/h3>\n\n\n\n<ul class=\"wp-block-list\">\n<li>psychiatrische Erkrankungen im Kindes- und Jugendalter (Autismus, Essst\u00f6rungen, Depression im Kindesalter, Enuresis, Enkopresis, Bindungsst\u00f6rungen)<\/li>\n\n\n\n<li>Basisausbildung IntraActPlus<\/li>\n\n\n\n<li>Vertiefungsseminar: Bindung als Grundlage zur Aggressionsbew\u00e4ltigung<\/li>\n\n\n\n<li>Marte Meo<\/li>\n\n\n\n<li>Psychosoziale und emotionale Kompetenzen f\u00fcr den zuk\u00fcnftigen Schulalltag<\/li>\n\n\n\n<li>LRS (Lese- und Rechtschreibschw\u00e4che)<\/li>\n\n\n\n<li>Dyskalkulie<\/li>\n\n\n\n<li>Einf\u00fchrung sensorische Integrationstherapie<\/li>\n\n\n\n<li>AD(H)S<\/li>\n\n\n\n<li>Entwicklungsbegleitung (Lateralit\u00e4t, Emotion, Sensomotorik, Kognition, Verhalten und Dialog)<\/li>\n\n\n\n<li>P\u00e4diatrie Grob- und Feinmotorik &#8211; Geschickte H\u00e4nde<\/li>\n\n\n\n<li>Schulkinder mit Aufmerksamkeitsst\u00f6rungen &#8211; Diagnostik, Training, Beratung<\/li>\n\n\n\n<li>Kinder- und Eltern- Arbeit mit Familien- Intensivseminar<\/li>\n\n\n\n<li>Kinder Yoga<\/li>\n\n\n\n<li>Cranio-Sacrale Therapie Aromatherapie<\/li>\n\n\n\n<li>Fu\u00dfreflexzonen Behandlung<\/li>\n<\/ul>\n\n\n\n<h3 class=\"wp-block-heading\">Neurologie\/Orthop\u00e4die\/Geriatrie<\/h3>\n\n\n\n<ul class=\"wp-block-list\">\n<li>Kinesiologisches Tape<\/li>\n\n\n\n<li>Feldenkrais<\/li>\n\n\n\n<li>Therapien nach Dr. Terrier 3 Knie-, Sprung-, Fu\u00df-, Ellenbogen-, Hand- und Fingergelenke<\/li>\n\n\n\n<li>Hemiparese- Behandlung obere Extremit\u00e4t<\/li>\n\n\n\n<li>NLP- Neuro-Linguistische Programmieren<\/li>\n\n\n\n<li>Tonus Training<\/li>\n\n\n\n<li>F.O.T.T.- Therapie des Facio Oralen Trakts Grundkurs<\/li>\n\n\n\n<li>Hemiplegie in der Reha nach Bobath<\/li>\n\n\n\n<li>Therapie von Feinmotorikst\u00f6rungen bei zerebralgesch\u00e4digten Erwachsenen,<\/li>\n\n\n\n<li>Hemiparese \u2013 m\u00f6gl. Funktionsbehandlung der oberen Extremit\u00e4t,<\/li>\n\n\n\n<li>Einf\u00fchrungskurs Handling von Hilfsmitteln.<\/li>\n\n\n\n<li>Hirnleistungstraining bei Demenz, Sch\u00e4delhirntrauma, Schlaganfall, Parkinson<\/li>\n\n\n\n<li>Ergotherapie bei Demenzerkrankungen<\/li>\n\n\n\n<li>FAT \u2013 Funktionelles Alltagstraining<\/li>\n\n\n\n<li>Die Faszination der Fazilitation: Beobachten, Sp\u00fcren, Analysieren, Behandeln<\/li>\n\n\n\n<li>Koordinatives \u2013 Sensomotorisches Training<\/li>\n<\/ul>\n\n\n\n<ul class=\"wp-block-list\">\n<li>First Aid and Cardio Pulmonary Resuscitation Certificate (Erste Hilfe und HLW)<\/li>\n\n\n\n<li>Certificate in Health, Disability and Aged Support Level 3 (Core Competencies)<\/li>\n\n\n\n<li>Certificate in Community Support Services Level 3 (Residential)<\/li>\n\n\n\n<li>Certificate of Programme Completion for the ACE Dementia Programme<\/li>\n\n\n\n<li>Certificate of Attendance: Stroke and Traumatic Brain Injury<\/li>\n\n\n\n<li>Zertifikat Sit!<\/li>\n\n\n\n<li>Seminar zur Rollstuhlanpassung<\/li>\n\n\n\n<li>Spielerisches Bewegungstraining \u2013 Kompetenz f\u00fcr die Betreuung<\/li>\n\n\n\n<li>Parkinson \u2013 Umgang in der t\u00e4glichen Pflege<\/li>\n\n\n\n<li>Menschenbild und Lebensqualit\u00e4t in der Pflege von Menschen mit Demenz<\/li>\n\n\n\n<li>Grundlagen der Ern\u00e4hrung, Mangelern\u00e4hrung, Demenz und Schluckst\u00f6rungen<\/li>\n\n\n\n<li>Ern\u00e4hrung und Schluckst\u00f6rungen in der Geriatrie<\/li>\n\n\n\n<li>Besch\u00e4ftigungsangebote f\u00fcr dementiell erkrankte Menschen<\/li>\n\n\n\n<li>Grundlagen enterale Ern\u00e4hrung<\/li>\n\n\n\n<li>Der personenzentrierte Ansatz nach Tom Kitwood<\/li>\n<\/ul>\n\n\n\n<h3 class=\"wp-block-heading\">Bereich\u00fcbergreifend<\/h3>\n\n\n\n<ul class=\"wp-block-list\">\n<li>Neurofeedback Frequenzbandtraining<\/li>\n\n\n\n<li>Neurofeedback ILF nach der Othman-Methode<\/li>\n<\/ul>\n<\/div><\/div>\n\n\n\n<p><br><\/p>\n\n\n\n<p><a href=\"https:\/\/www.wagnerundteam.de\/\">Zur\u00fcck zur Startseite<\/a><\/p>\n","protected":false},"excerpt":{"rendered":"<p>Auf unser Team sind wir stolz. Durch stetige Schulungen und Weiterbildungen sind unsere erfahrenen Therapeuten fachlich hoch qualifiziert um die Therapie individuell abzustimmen. Mit Einf\u00fchlverm\u00f6gen, Wertsch\u00e4tzung und Geduld unterst\u00fctzt unser gesamtes Team Ihre Therapie. KatrinWagner AngelikaTeuchert NancySchultz NaimaHeim VeraMiller JaninaD\u00e4hnick AliciaBirka SophiaJentsch LindaWawrzinek BiancaBarthel MarvinW\u00fcstenberg MalakSlimani LunaGalligan JeannettePfau M.Sc.Psych.David Wagner TimoFrauendorf Dianel Fort- und Weiterbildungen &hellip; <\/p>\n<p class=\"link-more\"><a href=\"https:\/\/www.wagnerundteam.de\/ergotherapie\/unser-team\/\" class=\"more-link\"><span class=\"screen-reader-text\">\u201eUnser Team\u201c<\/span> weiterlesen<\/a><\/p>\n","protected":false},"author":1,"featured_media":0,"parent":0,"menu_order":0,"comment_status":"closed","ping_status":"closed","template":"","meta":{"ngg_post_thumbnail":0,"footnotes":""},"class_list":["post-577","page","type-page","status-publish","hentry"],"yoast_head":"<!-- This site is optimized with the Yoast SEO plugin v27.5 - https:\/\/yoast.com\/product\/yoast-seo-wordpress\/ -->\n<title>Unser Team - Praxis f\u00fcr Ergotherapie Wagner &amp; Team - Berlin Friedrichsfelde Lichtenberg Friedrichshain<\/title>\n<meta name=\"robots\" content=\"noindex, follow\" \/>\n<meta property=\"og:locale\" content=\"de_DE\" \/>\n<meta property=\"og:type\" content=\"article\" \/>\n<meta property=\"og:title\" content=\"Unser Team - Praxis f\u00fcr Ergotherapie Wagner &amp; Team - Berlin Friedrichsfelde Lichtenberg Friedrichshain\" \/>\n<meta property=\"og:description\" content=\"Auf unser Team sind wir stolz. Durch stetige Schulungen und Weiterbildungen sind unsere erfahrenen Therapeuten fachlich hoch qualifiziert um die Therapie individuell abzustimmen. Mit Einf\u00fchlverm\u00f6gen, Wertsch\u00e4tzung und Geduld unterst\u00fctzt unser gesamtes Team Ihre Therapie. KatrinWagner AngelikaTeuchert NancySchultz NaimaHeim VeraMiller JaninaD\u00e4hnick AliciaBirka SophiaJentsch LindaWawrzinek BiancaBarthel MarvinW\u00fcstenberg MalakSlimani LunaGalligan JeannettePfau M.Sc.Psych.David Wagner TimoFrauendorf Dianel Fort- und Weiterbildungen &hellip; \u201eUnser Team\u201c weiterlesen\" \/>\n<meta property=\"og:url\" content=\"https:\/\/www.wagnerundteam.de\/ergotherapie\/unser-team\/\" \/>\n<meta property=\"og:site_name\" content=\"Praxis f\u00fcr Ergotherapie Wagner &amp; Team - Berlin Friedrichsfelde Lichtenberg Friedrichshain\" \/>\n<meta property=\"article:modified_time\" content=\"2025-12-15T08:31:46+00:00\" \/>\n<meta property=\"og:image\" content=\"https:\/\/www.wagnerundteam.de\/ergotherapie\/wp-content\/uploads\/sites\/4\/2021\/01\/P1016070_Team-scaled-1.jpg\" \/>\n\t<meta property=\"og:image:width\" content=\"2560\" \/>\n\t<meta property=\"og:image:height\" content=\"1568\" \/>\n\t<meta property=\"og:image:type\" content=\"image\/jpeg\" \/>\n<meta name=\"twitter:card\" content=\"summary_large_image\" \/>\n<meta name=\"twitter:label1\" content=\"Gesch\u00e4tzte Lesezeit\" \/>\n\t<meta name=\"twitter:data1\" content=\"7\u00a0Minuten\" \/>\n<script type=\"application\/ld+json\" class=\"yoast-schema-graph\">{\"@context\":\"https:\\\/\\\/schema.org\",\"@graph\":[{\"@type\":\"WebPage\",\"@id\":\"https:\\\/\\\/www.wagnerundteam.de\\\/ergotherapie\\\/unser-team\\\/\",\"url\":\"https:\\\/\\\/www.wagnerundteam.de\\\/ergotherapie\\\/unser-team\\\/\",\"name\":\"Unser Team - Praxis f\u00fcr Ergotherapie Wagner &amp; Team - Berlin Friedrichsfelde Lichtenberg Friedrichshain\",\"isPartOf\":{\"@id\":\"https:\\\/\\\/www.wagnerundteam.de\\\/ergotherapie\\\/#website\"},\"primaryImageOfPage\":{\"@id\":\"https:\\\/\\\/www.wagnerundteam.de\\\/ergotherapie\\\/unser-team\\\/#primaryimage\"},\"image\":{\"@id\":\"https:\\\/\\\/www.wagnerundteam.de\\\/ergotherapie\\\/unser-team\\\/#primaryimage\"},\"thumbnailUrl\":\"https:\\\/\\\/www.wagnerundteam.de\\\/wp-content\\\/uploads\\\/2021\\\/01\\\/P1016070_Team-1024x627.jpg\",\"datePublished\":\"2020-10-14T14:21:13+00:00\",\"dateModified\":\"2025-12-15T08:31:46+00:00\",\"breadcrumb\":{\"@id\":\"https:\\\/\\\/www.wagnerundteam.de\\\/ergotherapie\\\/unser-team\\\/#breadcrumb\"},\"inLanguage\":\"de\",\"potentialAction\":[{\"@type\":\"ReadAction\",\"target\":[\"https:\\\/\\\/www.wagnerundteam.de\\\/ergotherapie\\\/unser-team\\\/\"]}]},{\"@type\":\"ImageObject\",\"inLanguage\":\"de\",\"@id\":\"https:\\\/\\\/www.wagnerundteam.de\\\/ergotherapie\\\/unser-team\\\/#primaryimage\",\"url\":\"https:\\\/\\\/www.wagnerundteam.de\\\/wp-content\\\/uploads\\\/2021\\\/01\\\/P1016070_Team-1024x627.jpg\",\"contentUrl\":\"https:\\\/\\\/www.wagnerundteam.de\\\/wp-content\\\/uploads\\\/2021\\\/01\\\/P1016070_Team-1024x627.jpg\"},{\"@type\":\"BreadcrumbList\",\"@id\":\"https:\\\/\\\/www.wagnerundteam.de\\\/ergotherapie\\\/unser-team\\\/#breadcrumb\",\"itemListElement\":[{\"@type\":\"ListItem\",\"position\":1,\"name\":\"Startseite\",\"item\":\"https:\\\/\\\/www.wagnerundteam.de\\\/ergotherapie\\\/\"},{\"@type\":\"ListItem\",\"position\":2,\"name\":\"Unser Team\"}]},{\"@type\":\"WebSite\",\"@id\":\"https:\\\/\\\/www.wagnerundteam.de\\\/ergotherapie\\\/#website\",\"url\":\"https:\\\/\\\/www.wagnerundteam.de\\\/ergotherapie\\\/\",\"name\":\"Praxis f\u00fcr Ergotherapie Wagner &amp; Team - Berlin Friedrichsfelde Lichtenberg Friedrichshain\",\"description\":\"Ihre Ergotherapeuten Praxis am Tierpark in Berlin\",\"publisher\":{\"@id\":\"https:\\\/\\\/www.wagnerundteam.de\\\/ergotherapie\\\/#organization\"},\"potentialAction\":[{\"@type\":\"SearchAction\",\"target\":{\"@type\":\"EntryPoint\",\"urlTemplate\":\"https:\\\/\\\/www.wagnerundteam.de\\\/ergotherapie\\\/?s={search_term_string}\"},\"query-input\":{\"@type\":\"PropertyValueSpecification\",\"valueRequired\":true,\"valueName\":\"search_term_string\"}}],\"inLanguage\":\"de\"},{\"@type\":\"Organization\",\"@id\":\"https:\\\/\\\/www.wagnerundteam.de\\\/ergotherapie\\\/#organization\",\"name\":\"Praxis f\u00fcr Ergotherapie Wagner &amp; Team - Berlin Friedrichsfelde Lichtenberg Friedrichshain\",\"url\":\"https:\\\/\\\/www.wagnerundteam.de\\\/ergotherapie\\\/\",\"logo\":{\"@type\":\"ImageObject\",\"inLanguage\":\"de\",\"@id\":\"https:\\\/\\\/www.wagnerundteam.de\\\/ergotherapie\\\/#\\\/schema\\\/logo\\\/image\\\/\",\"url\":\"https:\\\/\\\/www.wagnerundteam.de\\\/ergotherapie\\\/wp-content\\\/uploads\\\/sites\\\/4\\\/2018\\\/08\\\/cropped-LOGO_hoch.png\",\"contentUrl\":\"https:\\\/\\\/www.wagnerundteam.de\\\/ergotherapie\\\/wp-content\\\/uploads\\\/sites\\\/4\\\/2018\\\/08\\\/cropped-LOGO_hoch.png\",\"width\":1140,\"height\":250,\"caption\":\"Praxis f\u00fcr Ergotherapie Wagner &amp; Team - Berlin Friedrichsfelde Lichtenberg Friedrichshain\"},\"image\":{\"@id\":\"https:\\\/\\\/www.wagnerundteam.de\\\/ergotherapie\\\/#\\\/schema\\\/logo\\\/image\\\/\"}}]}<\/script>\n<!-- \/ Yoast SEO plugin. -->","yoast_head_json":{"title":"Unser Team - Praxis f\u00fcr Ergotherapie Wagner &amp; Team - Berlin Friedrichsfelde Lichtenberg Friedrichshain","robots":{"index":"noindex","follow":"follow"},"og_locale":"de_DE","og_type":"article","og_title":"Unser Team - Praxis f\u00fcr Ergotherapie Wagner &amp; Team - Berlin Friedrichsfelde Lichtenberg Friedrichshain","og_description":"Auf unser Team sind wir stolz. Durch stetige Schulungen und Weiterbildungen sind unsere erfahrenen Therapeuten fachlich hoch qualifiziert um die Therapie individuell abzustimmen. Mit Einf\u00fchlverm\u00f6gen, Wertsch\u00e4tzung und Geduld unterst\u00fctzt unser gesamtes Team Ihre Therapie. KatrinWagner AngelikaTeuchert NancySchultz NaimaHeim VeraMiller JaninaD\u00e4hnick AliciaBirka SophiaJentsch LindaWawrzinek BiancaBarthel MarvinW\u00fcstenberg MalakSlimani LunaGalligan JeannettePfau M.Sc.Psych.David Wagner TimoFrauendorf Dianel Fort- und Weiterbildungen &hellip; \u201eUnser Team\u201c weiterlesen","og_url":"https:\/\/www.wagnerundteam.de\/ergotherapie\/unser-team\/","og_site_name":"Praxis f\u00fcr Ergotherapie Wagner &amp; Team - Berlin Friedrichsfelde Lichtenberg Friedrichshain","article_modified_time":"2025-12-15T08:31:46+00:00","og_image":[{"width":2560,"height":1568,"url":"https:\/\/www.wagnerundteam.de\/ergotherapie\/wp-content\/uploads\/sites\/4\/2021\/01\/P1016070_Team-scaled-1.jpg","type":"image\/jpeg"}],"twitter_card":"summary_large_image","twitter_misc":{"Gesch\u00e4tzte Lesezeit":"7\u00a0Minuten"},"schema":{"@context":"https:\/\/schema.org","@graph":[{"@type":"WebPage","@id":"https:\/\/www.wagnerundteam.de\/ergotherapie\/unser-team\/","url":"https:\/\/www.wagnerundteam.de\/ergotherapie\/unser-team\/","name":"Unser Team - Praxis f\u00fcr Ergotherapie Wagner &amp; Team - Berlin Friedrichsfelde Lichtenberg Friedrichshain","isPartOf":{"@id":"https:\/\/www.wagnerundteam.de\/ergotherapie\/#website"},"primaryImageOfPage":{"@id":"https:\/\/www.wagnerundteam.de\/ergotherapie\/unser-team\/#primaryimage"},"image":{"@id":"https:\/\/www.wagnerundteam.de\/ergotherapie\/unser-team\/#primaryimage"},"thumbnailUrl":"https:\/\/www.wagnerundteam.de\/wp-content\/uploads\/2021\/01\/P1016070_Team-1024x627.jpg","datePublished":"2020-10-14T14:21:13+00:00","dateModified":"2025-12-15T08:31:46+00:00","breadcrumb":{"@id":"https:\/\/www.wagnerundteam.de\/ergotherapie\/unser-team\/#breadcrumb"},"inLanguage":"de","potentialAction":[{"@type":"ReadAction","target":["https:\/\/www.wagnerundteam.de\/ergotherapie\/unser-team\/"]}]},{"@type":"ImageObject","inLanguage":"de","@id":"https:\/\/www.wagnerundteam.de\/ergotherapie\/unser-team\/#primaryimage","url":"https:\/\/www.wagnerundteam.de\/wp-content\/uploads\/2021\/01\/P1016070_Team-1024x627.jpg","contentUrl":"https:\/\/www.wagnerundteam.de\/wp-content\/uploads\/2021\/01\/P1016070_Team-1024x627.jpg"},{"@type":"BreadcrumbList","@id":"https:\/\/www.wagnerundteam.de\/ergotherapie\/unser-team\/#breadcrumb","itemListElement":[{"@type":"ListItem","position":1,"name":"Startseite","item":"https:\/\/www.wagnerundteam.de\/ergotherapie\/"},{"@type":"ListItem","position":2,"name":"Unser Team"}]},{"@type":"WebSite","@id":"https:\/\/www.wagnerundteam.de\/ergotherapie\/#website","url":"https:\/\/www.wagnerundteam.de\/ergotherapie\/","name":"Praxis f\u00fcr Ergotherapie Wagner &amp; Team - Berlin Friedrichsfelde Lichtenberg Friedrichshain","description":"Ihre Ergotherapeuten Praxis am Tierpark in Berlin","publisher":{"@id":"https:\/\/www.wagnerundteam.de\/ergotherapie\/#organization"},"potentialAction":[{"@type":"SearchAction","target":{"@type":"EntryPoint","urlTemplate":"https:\/\/www.wagnerundteam.de\/ergotherapie\/?s={search_term_string}"},"query-input":{"@type":"PropertyValueSpecification","valueRequired":true,"valueName":"search_term_string"}}],"inLanguage":"de"},{"@type":"Organization","@id":"https:\/\/www.wagnerundteam.de\/ergotherapie\/#organization","name":"Praxis f\u00fcr Ergotherapie Wagner &amp; Team - Berlin Friedrichsfelde Lichtenberg Friedrichshain","url":"https:\/\/www.wagnerundteam.de\/ergotherapie\/","logo":{"@type":"ImageObject","inLanguage":"de","@id":"https:\/\/www.wagnerundteam.de\/ergotherapie\/#\/schema\/logo\/image\/","url":"https:\/\/www.wagnerundteam.de\/ergotherapie\/wp-content\/uploads\/sites\/4\/2018\/08\/cropped-LOGO_hoch.png","contentUrl":"https:\/\/www.wagnerundteam.de\/ergotherapie\/wp-content\/uploads\/sites\/4\/2018\/08\/cropped-LOGO_hoch.png","width":1140,"height":250,"caption":"Praxis f\u00fcr Ergotherapie Wagner &amp; Team - Berlin Friedrichsfelde Lichtenberg Friedrichshain"},"image":{"@id":"https:\/\/www.wagnerundteam.de\/ergotherapie\/#\/schema\/logo\/image\/"}}]}},"_links":{"self":[{"href":"https:\/\/www.wagnerundteam.de\/ergotherapie\/wp-json\/wp\/v2\/pages\/577","targetHints":{"allow":["GET"]}}],"collection":[{"href":"https:\/\/www.wagnerundteam.de\/ergotherapie\/wp-json\/wp\/v2\/pages"}],"about":[{"href":"https:\/\/www.wagnerundteam.de\/ergotherapie\/wp-json\/wp\/v2\/types\/page"}],"author":[{"embeddable":true,"href":"https:\/\/www.wagnerundteam.de\/ergotherapie\/wp-json\/wp\/v2\/users\/1"}],"replies":[{"embeddable":true,"href":"https:\/\/www.wagnerundteam.de\/ergotherapie\/wp-json\/wp\/v2\/comments?post=577"}],"version-history":[{"count":8,"href":"https:\/\/www.wagnerundteam.de\/ergotherapie\/wp-json\/wp\/v2\/pages\/577\/revisions"}],"predecessor-version":[{"id":985,"href":"https:\/\/www.wagnerundteam.de\/ergotherapie\/wp-json\/wp\/v2\/pages\/577\/revisions\/985"}],"wp:attachment":[{"href":"https:\/\/www.wagnerundteam.de\/ergotherapie\/wp-json\/wp\/v2\/media?parent=577"}],"curies":[{"name":"wp","href":"https:\/\/api.w.org\/{rel}","templated":true}]}}